{"id":161,"date":"2021-07-13T10:47:38","date_gmt":"2021-07-13T08:47:38","guid":{"rendered":"https:\/\/msw.a108340f.sagross.zone\/?page_id=161"},"modified":"2025-09-17T15:08:10","modified_gmt":"2025-09-17T13:08:10","slug":"aktuelle-themen","status":"publish","type":"page","link":"https:\/\/www.mswberlin.de\/en\/aktuelle-themen\/","title":{"rendered":"aktuelle themen"},"content":{"rendered":"\n  <div class=\"banner has-hover\" id=\"banner-685349473\">\n          <div class=\"banner-inner fill\">\n        <div class=\"banner-bg fill\" >\n            <img loading=\"lazy\" decoding=\"async\" width=\"1\" height=\"1\" src=\"https:\/\/www.mswberlin.de\/wp-content\/uploads\/2021\/07\/Themen.svg\" class=\"bg attachment-large size-large\" alt=\"\" \/>                                    \n                    <\/div>\n\t\t\n        <div class=\"banner-layers container\">\n            <div class=\"fill banner-link\"><\/div>            \n        <\/div>\n      <\/div>\n\n            \n<style>\n#banner-685349473 {\n  padding-top: 500px;\n  background-color: rgb(255,255,255);\n}\n#banner-685349473 .banner-bg img {\n  object-position: 83% 0%;\n}\n<\/style>\n  <\/div>\n\n\n\n\t<section class=\"section\" id=\"section_1390270370\">\n\t\t<div class=\"section-bg fill\" >\n\t\t\t\t\t\t\t\t\t\n\t\t\t\n\n\t\t<\/div>\n\n\t\t\n\n\t\t<div class=\"section-content relative\">\n\t\t\t\n<div class=\"row align-equal\"  id=\"row-209312572\">\n\n\t<div id=\"col-1542082480\" class=\"col medium-4 small-12 large-4\"  >\n\t\t\t\t<div class=\"col-inner\"  >\n\t\t\t\n\t\t\t\n\t<div id=\"text-1430117737\" class=\"text sideheadline\">\n\t\t\n<p>IM FOKUS<\/p>\n\t\t\n<style>\n#text-1430117737 {\n  color: #a6894b;\n}\n#text-1430117737 > * {\n  color: #a6894b;\n}\n<\/style>\n\t<\/div>\n\t\n\t\t<\/div>\n\t\t\t\t\t<\/div>\n\n\t\n\n\t<div id=\"col-1713885345\" class=\"col medium-8 small-12 large-8\"  >\n\t\t\t\t<div class=\"col-inner\"  >\n\t\t\t\n\t\t\t\n\t<div id=\"text-3453217981\" class=\"text\">\n\t\t\n<h2>AKTUELLE THEMEN.<\/h2>\n\t\t\n<style>\n#text-3453217981 {\n  color: rgb(166, 137, 75);\n}\n#text-3453217981 > * {\n  color: rgb(166, 137, 75);\n}\n<\/style>\n\t<\/div>\n\t\n\t\t<\/div>\n\t\t\t\t\t<\/div>\n\n\t\n<\/div>\n\n\n<span class=\"scroll-to\" data-label=\"Scroll to: #verstaerkung\" data-bullet=\"false\" data-link=\"#verstaerkung\" data-title=\"Change this\"><a name=\"verstaerkung\"><\/a><\/span>\n<div class=\"row align-equal\"  id=\"row-332639416\">\n\n\t<div id=\"col-288481492\" class=\"col medium-4 small-12 large-4\"  >\n\t\t\t\t<div class=\"col-inner\"  >\n\t\t\t\n\t\t\t\n\n  <div class=\"banner has-hover\" id=\"banner-1324525095\">\n          <div class=\"banner-inner fill\">\n        <div class=\"banner-bg fill\" >\n            <img loading=\"lazy\" decoding=\"async\" width=\"800\" height=\"343\" src=\"https:\/\/www.mswberlin.de\/wp-content\/uploads\/2021\/10\/211026_Newsletter_motive_Homeoffice-web.jpg\" class=\"bg attachment-large size-large\" alt=\"\" \/>                                    \n                    <\/div>\n\t\t\n        <div class=\"banner-layers container\">\n            <div class=\"fill banner-link\"><\/div>            \n        <\/div>\n      <\/div>\n\n            \n<style>\n#banner-1324525095 {\n  padding-top: 56.25%;\n  background-color: rgb(255,255,255);\n}\n#banner-1324525095 .banner-bg img {\n  object-position: 73% 47%;\n}\n@media (min-width:550px) {\n  #banner-1324525095 {\n    padding-top: 99.99%;\n  }\n}\n@media (min-width:850px) {\n  #banner-1324525095 {\n    padding-top: 70%;\n  }\n}\n<\/style>\n  <\/div>\n\n\n\t\t<\/div>\n\t\t\t\t\n<style>\n#col-288481492 > .col-inner {\n  padding: 0px 0px 0px 1px;\n}\n<\/style>\n\t<\/div>\n\n\t\n\n\t<div id=\"col-1503658770\" class=\"col medium-8 small-12 large-8\"  >\n\t\t\t\t<div class=\"col-inner\"  >\n\t\t\t\n\t\t\t\n\t<div id=\"text-2115847471\" class=\"text\">\n\t\t\n<h4>Verst\u00e4rkung f\u00fcr unsere Wirtschaftspr\u00fcfungsabteilung seit dem 1. Juli 2025<\/h4>\n\t\t\n<style>\n#text-2115847471 {\n  color: rgb(166, 137, 75);\n}\n#text-2115847471 > * {\n  color: rgb(166, 137, 75);\n}\n<\/style>\n\t<\/div>\n\t\n<p>\u201eWir freuen uns, seit dem 1. Juli 2025 zwei neue Kolleginnen bzw. Kollegen bei der\u00a0<b>MSW<\/b>\u00a0begr\u00fc\u00dfen zu d\u00fcrfen:<\/p>\n<p><b>Frau WP\/StB Tanja Gl\u00e4sel<\/b>\u00a0und\u00a0<b>Herr WP\/StB Arian Asani<\/b>\u00a0verst\u00e4rken unser Team in der\u00a0<b>Wirtschaftspr\u00fcfungsabteilung<\/b>.<\/p>\n<div class=\"accordion\">\n\t<div id=\"accordion-2222609694\" class=\"accordion-item\">\n\t\t<a id=\"accordion-2222609694-label\" class=\"accordion-title plain\" href=\"#accordion-item-&nbsp;\" aria-expanded=\"false\" aria-controls=\"accordion-2222609694-content\">\n\t\t\t<button class=\"toggle\" aria-label=\"Toggle\"><i class=\"icon-angle-down\" aria-hidden=\"true\"><\/i><\/button>\n\t\t\t<span>&nbsp;<\/span>\n\t\t<\/a>\n\t\t<div id=\"accordion-2222609694-content\" class=\"accordion-inner\" aria-labelledby=\"accordion-2222609694-label\">\n\t\t\t\n<p>Mit frischem Engagement und neuen Impulsen werden sie unser Team bereichern und dazu beitragen, unsere Arbeit weiterhin auf hohem Niveau fortzuf\u00fchren.<\/p>\n<p>Mit diesem Zuwachs setzen wir unseren Weg der qualitativen Weiterentwicklung konsequent fort \u2013 zum Vorteil unserer Mandantinnen und Mandanten.<\/p>\n<p>Wir hei\u00dfen Frau Gl\u00e4sel und Herrn Asani herzlich willkommen und freuen uns auf die gemeinsame Zusammenarbeit!\u201c<\/p>\n\t\t<\/div>\n\t<\/div>\n\t\n<\/div>\n\t\t<\/div>\n\t\t\t\t\t<\/div>\n\n\t\n<\/div>\n<span class=\"scroll-to\" data-label=\"Scroll to: #e-rechnung\" data-bullet=\"false\" data-link=\"#e-rechnung\" data-title=\"Change this\"><a name=\"e-rechnung\"><\/a><\/span>\n<div class=\"row align-equal\"  id=\"row-1495396334\">\n\n\t<div id=\"col-1913200626\" class=\"col medium-4 small-12 large-4\"  >\n\t\t\t\t<div class=\"col-inner\"  >\n\t\t\t\n\t\t\t\n\n  <div class=\"banner has-hover\" id=\"banner-179466463\">\n          <div class=\"banner-inner fill\">\n        <div class=\"banner-bg fill\" >\n            <img loading=\"lazy\" decoding=\"async\" width=\"1\" height=\"1\" src=\"https:\/\/www.mswberlin.de\/wp-content\/uploads\/2024\/07\/240715_Motiv.svg\" class=\"bg attachment-large size-large\" alt=\"\" \/>                                    \n                    <\/div>\n\t\t\n        <div class=\"banner-layers container\">\n            <div class=\"fill banner-link\"><\/div>            \n        <\/div>\n      <\/div>\n\n            \n<style>\n#banner-179466463 {\n  padding-top: 56.25%;\n  background-color: rgb(255,255,255);\n}\n#banner-179466463 .banner-bg img {\n  object-position: 73% 47%;\n}\n@media (min-width:550px) {\n  #banner-179466463 {\n    padding-top: 99.99%;\n  }\n}\n@media (min-width:850px) {\n  #banner-179466463 {\n    padding-top: 70%;\n  }\n}\n<\/style>\n  <\/div>\n\n\n\t\t<\/div>\n\t\t\t\t\n<style>\n#col-1913200626 > .col-inner {\n  padding: 0px 0px 0px 1px;\n}\n<\/style>\n\t<\/div>\n\n\t\n\n\t<div id=\"col-1624355068\" class=\"col medium-8 small-12 large-8\"  >\n\t\t\t\t<div class=\"col-inner\"  >\n\t\t\t\n\t\t\t\n\t<div id=\"text-3479015393\" class=\"text\">\n\t\t\n<h4>Einf\u00fchrung E-Rechnung \u2013 Wann kommt die E-Rechnung<\/h4>\n\t\t\n<style>\n#text-3479015393 {\n  color: rgb(166, 137, 75);\n}\n#text-3479015393 > * {\n  color: rgb(166, 137, 75);\n}\n<\/style>\n\t<\/div>\n\t\n<p>Im Zuge der weiteren Digitalisierung von Arbeitsabl\u00e4ufen hat der Gesetzgeber im Rahmen des Wachstumschancengesetzes vom 27.03.2024 (BGBl. 2024 I. Nr. 108) umfangreiche Regeln zur zuk\u00fcnftigen Pflicht der Ausstellung (jedoch auch zum Empfang) von elektronischen Rechnungen (sog. E-Rechnungen) ab dem 01.01.2025 erlassen und diese Regelungen im Umsatzsteuergesetz (UStG) verankert.<\/p>\n\t\t<\/div>\n\t\t\t\t\t<\/div>\n\n\t\n<\/div>\n<span class=\"scroll-to\" data-label=\"Scroll to: #change\" data-bullet=\"false\" data-link=\"#change\" data-title=\"Change this\"><a name=\"change\"><\/a><\/span>\n<div class=\"row align-equal\"  id=\"row-1448133620\">\n\n\t<div id=\"col-546406958\" class=\"col medium-4 small-12 large-4\"  >\n\t\t\t\t<div class=\"col-inner\"  >\n\t\t\t\n\t\t\t\n\n  <div class=\"banner has-hover\" id=\"banner-166799785\">\n          <div class=\"banner-inner fill\">\n        <div class=\"banner-bg fill\" >\n            <img loading=\"lazy\" decoding=\"async\" width=\"1\" height=\"1\" src=\"https:\/\/www.mswberlin.de\/wp-content\/uploads\/2023\/07\/Wachstumschancen.svg\" class=\"bg attachment-large size-large\" alt=\"\" \/>                                    \n                    <\/div>\n\t\t\n        <div class=\"banner-layers container\">\n            <div class=\"fill banner-link\"><\/div>            \n        <\/div>\n      <\/div>\n\n            \n<style>\n#banner-166799785 {\n  padding-top: 56.25%;\n  background-color: rgb(255,255,255);\n}\n#banner-166799785 .banner-bg img {\n  object-position: 73% 47%;\n}\n@media (min-width:550px) {\n  #banner-166799785 {\n    padding-top: 99.99%;\n  }\n}\n@media (min-width:850px) {\n  #banner-166799785 {\n    padding-top: 70%;\n  }\n}\n<\/style>\n  <\/div>\n\n\n\t\t<\/div>\n\t\t\t\t\n<style>\n#col-546406958 > .col-inner {\n  padding: 0px 0px 0px 1px;\n}\n<\/style>\n\t<\/div>\n\n\t\n\n\t<div id=\"col-1015870593\" class=\"col medium-8 small-12 large-8\"  >\n\t\t\t\t<div class=\"col-inner\"  >\n\t\t\t\n\t\t\t\n\t<div id=\"text-347596942\" class=\"text\">\n\t\t\n<h4>Wachstumschancengesetz<\/h4>\n\t\t\n<style>\n#text-347596942 {\n  color: rgb(166, 137, 75);\n}\n#text-347596942 > * {\n  color: rgb(166, 137, 75);\n}\n<\/style>\n\t<\/div>\n\t\n<p><strong>Das BMF hat am 17.7.2023 den Referentenentwurf f\u00fcr ein Gesetz ver\u00f6ffentlicht, das bedeutsame \u00c4nderungen in verschiedenen Steuergesetzen enth\u00e4lt.<\/strong><\/p>\n<p>Mit dem &#8222;Gesetz zur St\u00e4rkung von Wachstumschancen, Investitionen und Innovation sowie Steuervereinfachung und Steuerfairness&#8220; &#8211; kurz &#8222;Wachstumschancengesetz&#8220; &#8211; soll die Wett\u00adbewerbsf\u00e4higkeit unserer Wirtschaft sowie die Liquidit\u00e4tssituation der Unternehmen verbessert werden. Der FDP-Bundesvorsitzende und Finanzminister Christian Lindner machte deutlich:\u00a0\u201eDie Wirtschaft ben\u00f6tigt Impulse\u00a0\u2013 selten war das so dringlich wie jetzt.\u201c\u00a0<\/p>\n<div class=\"accordion\">\n\t<div id=\"accordion-279971349\" class=\"accordion-item\">\n\t\t<a id=\"accordion-279971349-label\" class=\"accordion-title plain\" href=\"#accordion-item-&nbsp;\" aria-expanded=\"false\" aria-controls=\"accordion-279971349-content\">\n\t\t\t<button class=\"toggle\" aria-label=\"Toggle\"><i class=\"icon-angle-down\" aria-hidden=\"true\"><\/i><\/button>\n\t\t\t<span>&nbsp;<\/span>\n\t\t<\/a>\n\t\t<div id=\"accordion-279971349-content\" class=\"accordion-inner\" aria-labelledby=\"accordion-279971349-label\">\n\t\t\t\n<p>Mit dem Wachstums\u00adchancengesetz sollen insbesondere kleine und mittelst\u00e4ndische Unternehmen in den kommenden Jahren um sechs Milliarden Euro entlasten werden sowie B\u00fcrokratieabbau stattfinden. Au\u00dferdem sollen Ma\u00dfnahmen ergriffen werden, die dazu beitragen, unerw\u00fcnschte Steuer\u00adgestaltungen aufzudecken und abzustellen.<\/p>\n<table>\n<tbody>\n<tr>\n<td>17. Juli 2023<\/td>\n<td><a href=\"https:\/\/www.bundesfinanzministerium.de\/Content\/DE\/Gesetzestexte\/Gesetze_Gesetzesvorhaben\/Abteilungen\/Abteilung_IV\/20_Legislaturperiode\/2023-07-17-Wachstumschancengesetz\/0-Gesetz.html\">BMF Referentenentwurf<\/a><\/td>\n<\/tr>\n<tr>\n<td>16. August 2023<\/td>\n<td>Kabinettsbeschluss Regierungsentwurf (geplant)<\/td>\n<\/tr>\n<tr>\n<td>10. November 2023<\/td>\n<td>Verabschiedung Bundestag (geplant)<\/td>\n<\/tr>\n<tr>\n<td>15. Dezember 2023<\/td>\n<td>Zustimmung Bundesrat (geplant)<\/td>\n<\/tr>\n<tr>\n<td>offen<\/td>\n<td>Verk\u00fcndung<\/td>\n<\/tr>\n<\/tbody>\n<\/table>\n<p>Hervorzuheben sind aus dem umfangreichen Gesetzentwurf aus unserer Sicht folgende Ma\u00dfnahmen:<\/p>\n<h3><strong>Einkommensteuer<\/strong><\/h3>\n<ul>\n<li><strong>Freigrenze f\u00fcr Einnahmen aus Vermietung und Verpachtung, \u00a7 3 Nr. 73 EStG<\/strong><\/li>\n<\/ul>\n<p>Mit einer Steuerfreigrenze f\u00fcr Einnahmen aus Vermietung und Verpachtung i. H. v. 1.000 EUR soll eine b\u00fcrokratieentlastende Regelung geschaffen werden. Sofern die Ausgaben die mit ihnen in unmittelbaren wirtschaftlichen Zusammenhang stehenden Einnahmen \u00fcbersteigen, sollen die Einnahmen auf Antrag als steuerpflichtig behandelt werden k\u00f6nnen (Einkommensteuererkl\u00e4rung).<\/p>\n<p><em>gilt ab VZ 2024<\/em><\/p>\n<ul>\n<li><strong>\u00a0<\/strong><strong style=\"color: #333333; font-size: 14.4px;\">Geschenke, \u00a7 4 Abs. 5 Satz 1 Nr. 1 Satz 2 EStG<\/strong><\/li>\n<\/ul>\n<p>Aufwendungen f\u00fcr Geschenke an Personen, die nicht Arbeitnehmer des Steuerpflichtigen sind, d\u00fcrfen den Gewinn nicht mindern, wenn die Anschaffungs- oder Herstellungskosten der dem Empf\u00e4nger im Wirtschaftsjahr zugewendeten Gegenst\u00e4nde insgesamt 35 EUR \u00fcbersteigen. Dieser Betrag soll auf 50 EUR angehoben werden.<\/p>\n<p><em>gilt erstmals f\u00fcr Wirtschaftsjahre mit Beginn nach 31. Dezember 2023<\/em><\/p>\n<ul>\n<li><strong>Einf\u00fchrung einer Zinsh\u00f6henschranke, \u00a7 4l EStG<\/strong><\/li>\n<\/ul>\n<p>Da hinsichtlich der H\u00f6he eines angemessenen Zinssatzes bei grenz\u00fcberschreitenden Darlehen auf die Finanzkraft der die Zinsen zahlenden Gesellschaft abgestellt wird, er\u00f6ffnen sich laut Begr\u00fcndung des Gesetzentwurfs Gestaltungsm\u00f6glichkeiten, die zur Gewinnverlagerung ins niedrig besteuernde Ausland genutzt werden.<\/p>\n<p>Daher soll mit einer neuen Vorschrift in diesen F\u00e4llen der Betriebsausgabenabzug auf einen angemessenen Betrag beschr\u00e4nkt werden. Zinsaufwendungen sind danach grunds\u00e4tzlich nicht abziehbar, soweit diese auf einem \u00fcber dem H\u00f6chstsatz liegenden Zinssatz beruhen. H\u00f6chstsatz ist der um zwei Prozentpunkte erh\u00f6hte Basiszinssatz nach \u00a7 247 BGB. Weist der Steuerpflichtige nach, dass sowohl der Gl\u00e4ubiger als auch die oberste Muttergesellschaft das Kapital nur zu einem \u00fcber dem H\u00f6chstsatz liegenden Zinssatz h\u00e4tten erhalten k\u00f6nnen, gilt als H\u00f6chstsatz der Zinssatz, der von diesen im g\u00fcnstigsten Fall h\u00e4tte erzielt werden k\u00f6nnen.<\/p>\n<p>Die Zinsh\u00f6henschranke soll nur auf Zinsaufwendungen aufgrund einer Gesch\u00e4ftsbeziehung zwischen nahestehenden Personen im Sinne des \u00a7 1 Abs. 2 AStG Anwendung finden. Sie ist soll nicht anzuwenden sein, wenn der Gl\u00e4ubiger in dem Staat (keine Steueroase), in dem er seinen Sitz oder seine Gesch\u00e4ftsleitung hat, einer wesentlichen wirtschaftlichen T\u00e4tigkeit nachgeht.<\/p>\n<p><em>gilt ab VZ 2024<\/em><\/p>\n<ul>\n<li><strong>Geringwertige Wirtschaftsg\u00fcter, \u00a7 6 Abs. 2, Abs. 2a Satz 1 und Satz 2 EStG<\/strong><\/li>\n<\/ul>\n<p>Gegenw\u00e4rtig k\u00f6nnen die Anschaffungs- oder Herstellungskosten geringwertige Wirtschaftsg\u00fcter sofort vollst\u00e4ndig abgezogen werden, wenn sie nicht mehr als 800 EUR betragen. Dieser Wert soll in Zukunft bei 1.000 EUR liegen.<\/p>\n<p>F\u00fcr bewegliche Wirtschaftsg\u00fcter des Anlageverm\u00f6gens, kann derzeit ein Sammelposten gebildet werden, wenn die jeweilign Anschaffungs- oder Herstellungskosten 250 EUR, aber nicht 1.000 EUR \u00fcbersteigen. Hier soll die Anhebung der Betragsgrenze von 1.000 EUR auf 5.000 EUR erfolgen und die Aufl\u00f6sungsdauer von 5 Jahre auf 3 Jahre verringert werden. Die Wirtschaftsg\u00fcter, die in einem Sammelposten zusammengefasst werden, m\u00fcssen nicht in einem gesonderten Verzeichnis erfasst werden. Der Zugang dieser Wirtschaftsg\u00fcter wird lediglich buchm\u00e4\u00dfig erfasst.<\/p>\n<p><em>gilt f\u00fcr Anschaffung von Wirtschaftsg\u00fctern nach 31. Dezember 2023<\/em><\/p>\n<ul>\n<li><strong>\u00a0<\/strong><strong style=\"color: #333333; font-size: 14.4px;\">Sonderabschreibung, \u00a7 7g Abs. 5 EStG<\/strong><\/li>\n<\/ul>\n<p>Die Sonderabschreibung betr\u00e4gt derzeit bis zu 20 Prozent der Investitionskosten und gilt f\u00fcr Betriebe, die die Gewinngrenze von 200.000 EUR im Jahr, das der Investition vorangeht, nicht \u00fcberschreiten. Zuk\u00fcnftig sollen bis zu 50 Prozent der Investitionskosten abgeschrieben werden k\u00f6nnen.<\/p>\n<p><em>gilt f\u00fcr Anschaffung von Wirtschaftsg\u00fctern nach 31. Dezember 2023<\/em><\/p>\n<ul>\n<li><strong>Verpflegungsmehraufwand, \u00a7 9 Abs. 4a EStG<\/strong><\/li>\n<\/ul>\n<p>Die als Werbungskosten abzugsf\u00e4higen inl\u00e4ndischen Verpflegungspauschalen sollen wie folgt angehoben werden:<\/p>\n<ul>\n<li>f\u00fcr jeden Kalendertag, an dem der Arbeitnehmer 24 Stunden von seiner Wohnung und ersten T\u00e4tigkeitsst\u00e4tte abwesend ist, von 28 EUR auf 30 EUR;<\/li>\n<li>f\u00fcr den An- oder Abreisetag, wenn der Arbeitnehmer an diesem, einem anschlie\u00dfenden oder vorhergehenden Tag au\u00dferhalb seiner Wohnung \u00fcbernachtet, von jeweils 14 EUR auf 15 EUR;<\/li>\n<li>f\u00fcr jeden Kalendertag, an dem der Arbeitnehmer ohne \u00dcbernachtung au\u00dferhalb seiner Wohnung mehr als 8 Stunden von seiner Wohnung und ersten T\u00e4tigkeitsst\u00e4tte abwesend ist, von 14 EUR auf 15 EUR.<\/li>\n<\/ul>\n<p><em>gilt ab VZ 2024<\/em><\/p>\n<ul>\n<li><strong>Erweiterter Verlustr\u00fccktrag, \u00a7 10d Abs. 1 EStG<\/strong><\/li>\n<\/ul>\n<p>Der mit dem\u00a0<a href=\"https:\/\/www.haufe.de\/steuern\/gesetzgebung-politik\/viertes-corona-steuerhilfegesetz_168_560690.html\">Vierten Corona-Steuerhilfegesetz<\/a>\u00a0auf zwei Jahre erweiterte Verlustr\u00fccktrag soll um ein weiteres Jahr auf drei Jahre ausgedehnt werden. Dar\u00fcber hinaus sollen die ab dem VZ 2020 auf 10 Mio. EUR bzw. auf 20 Mio. EUR (Ehegatten) angehobenen Betragsgrenzen beim Verlustr\u00fccktrag dauerhaft beibehalten werden.<\/p>\n<p>Die Erweiterungen des Verlustr\u00fccktrags gelten auch f\u00fcr die K\u00f6rperschaftsteuer (\u00a7\u00a7 8 Abs. 1 KStG i. V. m. \u00a7 31 Abs. 1 Satz 1 KStG).<\/p>\n<p><em>gilt ab VZ 2024<\/em><\/p>\n<ul>\n<li><em>\u00a0<\/em><strong style=\"color: #333333; font-size: 14.4px;\">Erweiterter Verlustvortrag, \u00a7 10d Abs. 2 EStG<\/strong><\/li>\n<\/ul>\n<p>Nach dem geltenden Recht ist bis zu einem Sockelbetrag von 1 Mio. EUR bzw. 2 Mio. EUR (Ehegatten) der Verlustvortrag f\u00fcr jedes Verlustvortragsjahr unbeschr\u00e4nkt m\u00f6glich. F\u00fcr den Teil, der den Sockelbetrag \u00fcberschreitet, ist der Verlustvortrag auf 60 Prozent des Gesamtbetrags der Eink\u00fcnfte des Verlustvortragsjahres beschr\u00e4nkt. F\u00fcr die VZ 2024 bis 2027 soll diese Mindestgewinnbesteuerung keine Anwendung finden. Der Verlustvortrag soll in diesen Veranlagungszeitr\u00e4umen in seiner H\u00f6he nicht begrenzt sein. Die Erweiterungen des Verlustvortrags gelten auch f\u00fcr die K\u00f6rperschaftsteuer (\u00a7\u00a7 8 Abs. 1 KStG i .V. m. \u00a7 31 Abs. 1 Satz 1 KStG). Ab dem VZ 2028 soll die Mindestgewinnbesteuerung mit erh\u00f6hten Sockelbetr\u00e4gen von 10. Mio. EUR bzw. 20 Mio. EUR (Ehegatten) gelten.<\/p>\n<p><em>gilt ab VZ 2024<\/em><\/p>\n<ul>\n<li><strong>Anhebung des Freibetrags f\u00fcr Betriebsveranstaltungen, \u00a7 19 Abs. 1 Satz 1 Nr. 1a Satz 3<\/strong><\/li>\n<\/ul>\n<p>Soweit Zuwendungen des Arbeitsgebers an seinen Arbeitnehmer und dessen Begleitpersonen anl\u00e4sslich von Betriebsveranstaltungen den Betrag von 150 EUR (bisher 110 EUR) je Betriebsveranstaltung und teilnehmenden Arbeitnehmer &#8211; unter den weiteren bisherigen Voraussetzungen &#8211; nicht \u00fcbersteigen, sollen sie nicht zu den Eink\u00fcnften aus nichtselbstst\u00e4ndiger Arbeit geh\u00f6ren.<\/p>\n<p><em>gilt erstmals f\u00fcr VZ 2024 bzw. Lohnsteuerabzug 2024<\/em><\/p>\n<h3><strong>K\u00f6rperschaftsteuer<\/strong><\/h3>\n<ul>\n<li><strong>Option zur K\u00f6rperschaftsbesteuerung,\u00a0Personengesellschaften, \u00a7 1a Abs. 1 Satz 1 bis 4 KStG<\/strong><\/li>\n<\/ul>\n<p>Nunmehr sollen alle Personengesellschaften die M\u00f6glichkeit erhalten, zur K\u00f6rperschaftsbesteuerung zu optieren (bisher nur Personenhandels- und Partnerschaftsgesellschaften).<\/p>\n<p><em>gilt ab dem Tag nach der Verk\u00fcndung<\/em><\/p>\n<ul>\n<li><strong>\u00a0<\/strong><strong style=\"color: #333333; font-size: 14.4px;\">Option zur K\u00f6rperschaftsbesteuerung,\u00a0Kommanditgesellschaft, \u00a7 1a Abs. 2 Satz 2 KStG<\/strong><\/li>\n<\/ul>\n<p>Mit der Erg\u00e4nzung des Satzes 2 soll sichergestellt werden, dass die steuerneutrale Aus\u00fcbung der Option nicht allein dadurch ausgeschlossen wird, dass in Sonderf\u00e4llen, in denen die Beteiligung an einer Komplement\u00e4rin einer optierenden KG (i. d. R. eine zu Null Prozent beteiligte GmbH) eine funktional wesentliche Betriebsgrundlage darstellt, diese Beteiligung nicht in die optierende Gesellschaft eingebracht wird.<\/p>\n<p><em>gilt ab dem Tag nach der Verk\u00fcndung<\/em><\/p>\n<ul>\n<li><strong>Option zur K\u00f6rperschaftsbesteuerung, thesaurierte Gewinne, \u00a7 1a Abs. 3 Satz 5 KStG<\/strong><\/li>\n<\/ul>\n<p>Im Unterschied zu einer echten Kapitalgesellschaft, bei der ein Zufluss bei einem beherrschenden Gesellschafter bereits mit dem Aussch\u00fcttungsbeschluss fingiert wird, sieht das Gesellschafts\u00adrecht bei Personengesellschaften keinen besonderen Aussch\u00fcttungsbeschluss vor. Deshalb soll auch bei beherrschenden Gesellschaftern einer optierenden Personengesellschaft ein kapitaler\u00adtragsteuerpflichtiger Zufluss erst bei tats\u00e4chlicher Entnahme anzunehmen sein.<\/p>\n<p><em>gilt ab dem Tag nach der Verk\u00fcndung<\/em><\/p>\n<h3><strong>Neues Gesetz zur steuerlichen F\u00f6rderung von Investitionen in den Klima\u00adschutz<\/strong><\/h3>\n<ul>\n<li><strong>Berechtigte und beg\u00fcnstigte Investitionen<\/strong><\/li>\n<\/ul>\n<p>Mit der Einf\u00fchrung einer Investitionspr\u00e4mie durch das neue Klimaschutz-Investitions\u00adpr\u00e4mien\u00adgesetz (Klimaschutz-InvPG) soll die Transformation der Wirtschaft in Richtung insbesondere von mehr Klimaschutz bef\u00f6rdert werden.<\/p>\n<p>Der Anwendungsbereich des Gesetzes soll nach \u00a7 1 Klimaschutz-InvPG auf solche beschr\u00e4nkt und unbeschr\u00e4nkt Steuerpflichtigen begrenzt werden, die<\/p>\n<ul>\n<li>Eink\u00fcnfte aus Land- und Forstwirtschaft,<\/li>\n<li>Eink\u00fcnfte aus Gewerbebetrieb und<\/li>\n<li>aus selbstst\u00e4ndiger Arbeit haben.<\/li>\n<\/ul>\n<p>Die Anschaffung oder Herstellung eines neuen beweglichen Wirtschaftsguts des Anlage\u00adverm\u00f6gens oder die entsprechenden Ma\u00dfnahmen, die zu nachtr\u00e4glichen Anschaffungs- oder Herstellungskosten f\u00fchren, sollen nur dann beg\u00fcnstigt sein, wenn sie auch dazu beitragen, die Energieeffizienz des Unternehmens zu verbessern. Diese Voraussetzung ist durch ein Einsparkonzept nachzuweisen.<\/p>\n<ul>\n<li><strong>H\u00f6he und F\u00f6rderzeitraum<\/strong><\/li>\n<\/ul>\n<p>Die Bemessungsgrundlage soll im F\u00f6rderzeitraum insgesamt maximal 200 Mio. EUR betragen. Die Investitionspr\u00e4mie betr\u00e4gt 15 Prozent davon.<\/p>\n<p>Die F\u00f6rderung soll sich auf Investitionen beschr\u00e4nken, die den Sockelbetrag von 10.000 EUR Anschaffungs- oder Herstellungskosten je Wirtschaftsgut \u00fcbersteigen. Die Investitionspr\u00e4mie wird auf Antrag des Anspruchsberechtigten gew\u00e4hrt, soweit die Bemessungsgrundlage mindestens 50.000 EUR betr\u00e4gt. Es sollen im F\u00f6rderzeitraum maximal zwei Antr\u00e4ge gestellt werden k\u00f6nnen.<\/p>\n<p>Wurden die Anschaffungs- oder Herstellungskosten der beg\u00fcnstigten Investition in der Bemessungsgrundlage ber\u00fccksichtigt, soll die AfA nach \u00a7 7 EStG ab dem Zeitpunkt der Festsetzung der Investitionspr\u00e4mie von den insoweit um die Investitionspr\u00e4mie geminderten Anschaffungs- oder Herstellungskosten vorzunehmen sein.<\/p>\n<p><em>gilt f\u00fcr Investitionen mit Beginn ab dem Tag der Verk\u00fcndung und Abschluss vor dem 1. Januar 2028<\/em><\/p>\n<h3><strong>Umsatzsteuer<\/strong><\/h3>\n<ul>\n<li><strong>Obligatorische Verwendung der eRechnung, \u00a7 14 Abs. 1 Satz 2 bis 8, Abs. 2 und 3 UStG, \u00a7 27 Abs. 39 UStG, \u00a7\u00a7 33, 34 UStDV<\/strong><\/li>\n<\/ul>\n<p>Die obligatorische Verwendung der eRechnung ab 2025 soll Voraussetzung f\u00fcr die zu einem sp\u00e4teren Zeitpunkt einzuf\u00fchrende Verpflichtung zur transaktionsbezogenen Meldung von Ums\u00e4tzen im B2B-Bereich durch Unternehmer an ein bundeseinheitliches elektronisches System der Verwaltung (Meldesystem) sein.<\/p>\n<p>Nur noch eine Rechnung, die in einem strukturierten elektronischen Format ausgestellt, \u00fcbermittelt und empfangen wird, das ihre elektronische Verarbeitung erm\u00f6glicht, und die den Vorgaben der Richtlinie 2014\/55\/EU entspricht, soll als elektronische Rechnung gelten. Rechnungen, die in einem anderen elektronischen Format oder auf Papier \u00fcbermittelt werden, sollen unter dem neuen Begriff &#8222;sonstige Rechnung&#8220; zusammengefasst werden.<\/p>\n<p>Es soll eindeutig geregelt werden, in welchen F\u00e4llen eine eRechnung obligatorisch zu verwenden ist und in welchen F\u00e4llen die Verwendung einer sonstigen Rechnung m\u00f6glich bleibt. F\u00fcr Kleinbetragsrechnungen i. S. d. \u00a7 33 UStDV und f\u00fcr Fahrausweise i. S. d. \u00a7 34 UStDV sollen weiterhin alle Arten von Rechnungen verwendet werden k\u00f6nnen.<\/p>\n<p>Zu einem zwischen dem 1.1. und 31.12.2025 ausgef\u00fchrten Umsatz soll befristet bis zum 31.12.2025 statt einer eRechnung auch eine sonstige Rechnung auf Papier oder in einem anderen elektronischen Format (mit Zustimmung des Empf\u00e4ngers) ausgestellt werden k\u00f6nnen. Zu einem zwischen dem 1.1.2026 und 31.12.2027 ausgef\u00fchrten Umsatz soll befristet bis zum 31.12.2027 statt einer eRechnung auch sonstige Rechnung in einem anderen elektronischen Format ausgestellt werde, wenn diese mittels EDI-Verfahren \u00fcbermittelt wird (mit Zustimmung des Empf\u00e4ngers).<\/p>\n<p><em>gilt ab 1. Januar 2025<\/em><\/p>\n<h3><strong>\u00a0<\/strong><strong>Umwandlungssteuergesetz<\/strong><\/h3>\n<p>Aufgrund der BFH-Rechtsprechung er\u00f6ffnen sich nach Ansicht des BFH ungerechtfertigte Gestaltungsm\u00f6glichkeiten zur steuerfreien Ver\u00e4u\u00dferung von Teilbetrieben. Die sog. Nachspaltungsver\u00e4u\u00dferungssperre in \u00a7 15 Abs. 2 Satz 2 bis 4 UmwStG soll daher umformuliert werden.<\/p>\n<p>Gilt erstmals f\u00fcr Spaltungen, bei denen die Anmeldung zur Eintragung in das f\u00fcr die Wirksamkeit des jeweiligen Vorgangs ma\u00dfgebende \u00f6ffentliche Register nach dem Tag der Ver\u00f6ffentlichung des Referentenentwurfs erfolgt<\/p>\n<h3><strong>\u00a0<\/strong><strong>Forschungszulagengesetz<\/strong><\/h3>\n<p>Die F\u00f6rderung nach dem Forschungszulagengesetz (FZulG) erfolgt bisher nur in Bezug auf die dem Lohnsteuerabzug unterliegenden Arbeitsl\u00f6hne von im Forschungs- und Entwicklungsvorhaben besch\u00e4ftigten Arbeitnehmern, die Eigenleistung eines Einzelunternehmers in sowie anteilig in Bezug auf das Entgelt f\u00fcr Auftragsforschung.<\/p>\n<p>F\u00fcr Wirtschaftsjahre, die nach dem 31.12.2023 beginnen, soll die Forschungszulage auf im beg\u00fcnstigten Forschungs- und Entwicklungsvorhaben genutzte abnutzbare bewegliche Wirtschaftsg\u00fcter des Anlageverm\u00f6gens, die f\u00fcr die Durchf\u00fchrung des Forschungs- und Entwicklungsvorhabens erforderlich und unerl\u00e4sslich sind, ausgeweitet werden (\u00a7 3 Abs. 3a FZulG).<\/p>\n<p>Au\u00dferdem sollen f\u00fcr in Auftrag gegebene Forschungs- und Entwicklungsvorhaben 70 Prozent (bisher 60 Prozent) der Kosten, die der Auftraggeber f\u00fcr den Auftrag aufwendet, als f\u00f6rderf\u00e4hige Aufwendungen ber\u00fccksichtigt werden k\u00f6nnen (\u00a7 4 FZulG).<\/p>\n<p>Die Bemessungsgrundlage umfasst die im Wirtschaftsjahr entstandenen f\u00f6rderf\u00e4higen Aufwen\u00addungen und betr\u00e4gt grunds\u00e4tzlich 2 Mio. EUR. Mit dem\u00a0<a href=\"https:\/\/www.haufe.de\/steuern\/gesetzgebung-politik\/coronavirus-krise-konjunkturpaket_168_517708.html\">Zweiten Corona Steuerhilfegesetz<\/a>\u00a0wurde die maximale Bemessungsgrundlage f\u00fcr den Zeitraum vom 1.7.2020 bis 30.6.2026 befristet auf 4 Mio. EUR verdoppelt. Die maximale Bemessungsgrundlage soll entfristet und auf 12 Mio. EUR verdreifacht werden (\u00a7 3 Abs. 5 FZulG).<\/p>\n<p><em>gilt ab 1. Januar 2024<\/em><\/p>\n<h3><em>\u00a0<\/em><strong>Generationenkapitalgesetz<\/strong><\/h3>\n<p>Stiftungen nach dem Generationenkapitalgesetz sollen von der Besteuerung ausgenommen werden (\u00a7 7 Abs. 4 GenKapG). Sie unterliegen damit nicht der K\u00f6rperschaftsteuer oder der Gewerbesteuer. Die Errichtung sowie Zuwendungen unterliegen nicht der Erbschaft- und Schenkungsteuer.\u00a0 Zahlungen und Leistungen der Stiftung unterliegen keinem Kapitaler\u00adtragsteuerabzug.<\/p>\n<p><em>gilt ab 1. November 2023<\/em><\/p>\n<p>\u00a0<\/p>\n\t\t<\/div>\n\t<\/div>\n\t\n<\/div>\n\t\t<\/div>\n\t\t\t\t\t<\/div>\n\n\t\n<\/div>\n<span class=\"scroll-to\" data-label=\"Scroll to: #schenkung\" data-bullet=\"false\" data-link=\"#schenkung\" data-title=\"Change this\"><a name=\"schenkung\"><\/a><\/span>\n<div class=\"row align-equal\"  id=\"row-1048793311\">\n\n\t<div id=\"col-2078887147\" class=\"col medium-4 small-12 large-4\"  >\n\t\t\t\t<div class=\"col-inner\"  >\n\t\t\t\n\t\t\t\n\n  <div class=\"banner has-hover\" id=\"banner-1787441529\">\n          <div class=\"banner-inner fill\">\n        <div class=\"banner-bg fill\" >\n            <img loading=\"lazy\" decoding=\"async\" width=\"1\" height=\"1\" src=\"https:\/\/www.mswberlin.de\/wp-content\/uploads\/2022\/11\/Corona_Infos-01.svg\" class=\"bg attachment-large size-large\" alt=\"\" \/>                                    \n                    <\/div>\n\t\t\n        <div class=\"banner-layers container\">\n            <div class=\"fill banner-link\"><\/div>            \n        <\/div>\n      <\/div>\n\n            \n<style>\n#banner-1787441529 {\n  padding-top: 56.25%;\n  background-color: rgb(255,255,255);\n}\n#banner-1787441529 .banner-bg img {\n  object-position: 73% 47%;\n}\n@media (min-width:550px) {\n  #banner-1787441529 {\n    padding-top: 99.99%;\n  }\n}\n@media (min-width:850px) {\n  #banner-1787441529 {\n    padding-top: 70%;\n  }\n}\n<\/style>\n  <\/div>\n\n\n\t\t<\/div>\n\t\t\t\t\n<style>\n#col-2078887147 > .col-inner {\n  padding: 0px 0px 0px 1px;\n}\n<\/style>\n\t<\/div>\n\n\t\n\n\t<div id=\"col-1588885608\" class=\"col medium-8 small-12 large-8\"  >\n\t\t\t\t<div class=\"col-inner\"  >\n\t\t\t\n\t\t\t\n\t<div id=\"text-1429658843\" class=\"text\">\n\t\t\n<h4>Ab 1. Januar 2023 &#8211; \u00c4nderungen Immobilienbewertung f\u00fcr Zwecke der Erbschaft- und Schenkungsteuer <\/h4>\n\t\t\n<style>\n#text-1429658843 {\n  color: rgb(166, 137, 75);\n}\n#text-1429658843 > * {\n  color: rgb(166, 137, 75);\n}\n<\/style>\n\t<\/div>\n\t\n<p>Die amtierende Regierung der Bundesrepublik Deutschland hat im Schatten der publikumswirksamen Ausgabeninitiativen innerhalb des Jahressteuergesetzes 2022 Steuererh\u00f6hungen, die Erbschaftsteuer von Immobilien betreffend, auf den Weg gebracht.<\/p>\n<div class=\"accordion\">\n\t<div id=\"accordion-2458428580\" class=\"accordion-item\">\n\t\t<a id=\"accordion-2458428580-label\" class=\"accordion-title plain\" href=\"#accordion-item-&nbsp;\" aria-expanded=\"false\" aria-controls=\"accordion-2458428580-content\">\n\t\t\t<button class=\"toggle\" aria-label=\"Toggle\"><i class=\"icon-angle-down\" aria-hidden=\"true\"><\/i><\/button>\n\t\t\t<span>&nbsp;<\/span>\n\t\t<\/a>\n\t\t<div id=\"accordion-2458428580-content\" class=\"accordion-inner\" aria-labelledby=\"accordion-2458428580-label\">\n\t\t\t\n<p>Die Bewertung von Immobilien im Erbschaft- und Schenkungsfall orientiert sich grunds\u00e4tzlich am Verkehrswert zum Zeitpunkt des Erbfalls bzw. der Schenkung. Dies bedeutet, hier wird auf vergleichbare Marktdaten zur\u00fcckgegriffen. Liegen diese nicht vor, kommen bereits aktuell schon sehr komplexe Vorschriften des Erbschaftsteuer- und des Bewertungsgesetzes zur Anwendung.<\/p>\n<p>Diese Vorschriften enthalten eine Vielzahl von Stellschrauben, an denen nun Ver\u00e4nderungen, wie i.d.R. zum Nachteil des Steuerpflichtigen, vorgenommen wurden. Um den Komplexit\u00e4tsgrad, erfahrungsgem\u00e4\u00df zum Zweck f\u00fcr zuk\u00fcnftige Anpassungen, noch zu erh\u00f6hen, wurden weitere Stellschrauben hinzugef\u00fcgt.<br \/>Das kommunizierte Ziel f\u00fcr die Anpassungen ist die gew\u00fcnschte Herbeif\u00fchrung einer besseren Marktn\u00e4he der steuerlichen Bemessungsgrundlagen.<\/p>\n<p>Die vorgenommenen \u00c4nderungen sind sehr kleinteilig, so dass eine vollst\u00e4ndige Darstellung, die auch Erl\u00e4uterung der bisherigen Praxis notwendig machen w\u00fcrde, an dieser Stelle nicht gegeben werden kann.<\/p>\n<p>Wesentliche Ver\u00e4nderungen ergeben sich kurzgefasst aus:<\/p>\n<ul>\n<li>der Detaillierung der pauschalen Bewirtschaftungskosten,<\/li>\n<li>der Absenkung des anzuwendenden Liegenschaftszinses,<\/li>\n<li>der Einf\u00fchrung eines Regionalfaktors.<\/li>\n<\/ul>\n<p>Es gibt Sch\u00e4tzungen von Eigent\u00fcmerverb\u00e4nden, die von Steigerungen der steuerlichen Wertgrundlagen im Umfang von 20 bis 30 % ausgehen, jedoch auch h\u00f6her liegen k\u00f6nnen.<\/p>\n<p>F\u00fcr den Fall, dass potentiell Betroffene das pers\u00f6nliche Interesse eher im eigenen Verm\u00f6genserhalt als bspw. in der F\u00f6rderung der staatlichen Ausgabenpolitik sehen, k\u00f6nnten folgende Handlungsalternativen bedacht werden:<\/p>\n<ul>\n<li>Vornahme von Schenkungen noch innerhalb des Jahres 2022 (Das Datum des notariellen Vertrags ist relevant.),<\/li>\n<li>Grundst\u00fccks\u00fcbertragungen unter Einr\u00e4umung eines Wohnrechtes,<\/li>\n<li>Sukzessive Schenkungen an Angeh\u00f6rige unter Nutzung der verwandtschaftlichen Freibetr\u00e4ge und deren Neuaufleben nach Ablauf von 10 Jahren,<\/li>\n<li>Nutzung der Familienheimregelung, d.h. der direkten Folgenutzung des Ehegatten bzw. der Kinder des Erblassers,<\/li>\n<li>Aufteilung der Immobilie,<\/li>\n<li>Beauftragung eines Wertgutachtens, sofern die rechtlichen Bewertungsvorschriften zu einer deutlich vom Markt abweichenden Bemessungsgrundlage f\u00fchren.<\/li>\n<\/ul>\n<p>F\u00fcr Fragen zu dieser Thematik stehen wir Ihnen gern zur Verf\u00fcgung.<\/p>\n<p>Wir m\u00f6chten abschlie\u00dfend anmerken, dass wir das Verfahren, wie hier Steuererh\u00f6hungen durchgesetzt werden, als nicht sehr transparent und fair ansehen.<\/p>\n<p><strong><em>Nachtrag vom 25.11.2022:<\/em><\/strong><\/p>\n<p><em>In einer Information von Haufe.de wurde darauf aufmerksam gemacht, dass das BMF in einer Mitteilung vom 21.11.2022 zu den Anpassungen der Grundbesitzbewertungen Stellung genommenen hatte \u2013 wir vermuten, aufgrund der deutlichen Reaktionen in der Presse. Diese Stellungnahme wurde zwischenzeitlich jedoch wieder von den Internetseiten des BMF gel\u00f6scht. In dieser Mitteilung hatte das BMF, gem\u00e4\u00df Haufe.de, darauf Wert gelegt, dass es sich bei der Anpassung der Vorschriften der Grundbesitzbewertung f\u00fcr Zwecke der Erbschaft- und Schenkungsteuer sowie der Grunderwerbsteuer an die Immobilienwertermittlungsverordnung <u>nicht um steuererh\u00f6hende Ma\u00dfnahmen handelt<\/u>. Der Grund f\u00fcr die L\u00f6schung dieser Aussage ist nicht bekannt.<\/em><\/p>\n<p><em>\u00a0<\/em><em>Das Gesetzgebungsverfahren zum Jahressteuergesetz 2022 wird im \u00dcbrigen erst kurz vor Weihnachten abgeschlossen sein.<\/em><\/p>\n\t\t<\/div>\n\t<\/div>\n\t\n<\/div>\n\t\t<\/div>\n\t\t\t\t\t<\/div>\n\n\t\n<\/div>\n\n<div class=\"row align-equal\"  id=\"row-297892006\">\n\n\t<div id=\"col-418420136\" class=\"col medium-4 small-12 large-4\"  >\n\t\t\t\t<div class=\"col-inner\"  >\n\t\t\t\n\t\t\t\n\n  <div class=\"banner has-hover\" id=\"banner-1640684208\">\n          <div class=\"banner-inner fill\">\n        <div class=\"banner-bg fill\" >\n            <img loading=\"lazy\" decoding=\"async\" width=\"1\" height=\"1\" src=\"https:\/\/www.mswberlin.de\/wp-content\/uploads\/2022\/07\/220630_Illustration_Umsatzbesteuerung01.svg\" class=\"bg attachment-large size-large\" alt=\"\" \/>                                    \n                    <\/div>\n\t\t\n        <div class=\"banner-layers container\">\n            <div class=\"fill banner-link\"><\/div>            \n        <\/div>\n      <\/div>\n\n            \n<style>\n#banner-1640684208 {\n  padding-top: 56.25%;\n  background-color: rgb(255,255,255);\n}\n#banner-1640684208 .banner-bg img {\n  object-position: 73% 47%;\n}\n@media (min-width:550px) {\n  #banner-1640684208 {\n    padding-top: 99.99%;\n  }\n}\n@media (min-width:850px) {\n  #banner-1640684208 {\n    padding-top: 70%;\n  }\n}\n<\/style>\n  <\/div>\n\n\n\t\t<\/div>\n\t\t\t\t\n<style>\n#col-418420136 > .col-inner {\n  padding: 0px 0px 0px 1px;\n}\n<\/style>\n\t<\/div>\n\n\t\n\n\t<div id=\"col-680152653\" class=\"col medium-8 small-12 large-8\"  >\n\t\t\t\t<div class=\"col-inner\"  >\n\t\t\t\n\t\t\t\n\t<div id=\"text-2261693234\" class=\"text\">\n\t\t\n<h4>Die Umsatzbesteuerung von Aufsichtsratsmitgliedern<\/h4>\n\t\t\n<style>\n#text-2261693234 {\n  color: rgb(166, 137, 75);\n}\n#text-2261693234 > * {\n  color: rgb(166, 137, 75);\n}\n<\/style>\n\t<\/div>\n\t\n<p>Die Umsatzbesteuerung von Aufsichtsratsmitgliedern hat sich seit einigen Jahren Thema entwickelt, da hier ein ma\u00dfgeblicher Unterschied zwischen der Rechtsauffassung des EuGH und der nationalen Finanzverwaltung bestand. Insbesondere im Hinblick auf die Urteile des EuGH und des BFH aus dem Jahre 2019 war die Auffassung der deutschen Finanzverwaltung, dass Aufsichtsratsmitglieder stets als Unternehmer i. S. des \u00a7 2 Abs. 1 Satz 1 UStG zu behandeln sind, nicht mehr haltbar.\u00a0<\/p>\n<div class=\"accordion\">\n\t<div id=\"accordion-1101218436\" class=\"accordion-item\">\n\t\t<a id=\"accordion-1101218436-label\" class=\"accordion-title plain\" href=\"#accordion-item-&nbsp;\" aria-expanded=\"false\" aria-controls=\"accordion-1101218436-content\">\n\t\t\t<button class=\"toggle\" aria-label=\"Toggle\"><i class=\"icon-angle-down\" aria-hidden=\"true\"><\/i><\/button>\n\t\t\t<span>&nbsp;<\/span>\n\t\t<\/a>\n\t\t<div id=\"accordion-1101218436-content\" class=\"accordion-inner\" aria-labelledby=\"accordion-1101218436-label\">\n\t\t\t\n<p>Daher hat die Finanzverwaltung mit Schreiben v. 8.7.2021 zun\u00e4chst reagiert und den UStAE entsprechend angepasst. Diese Anpassungen haben aber weitere Fragen aufgeworfen, weshalb mit BMF-Schreiben v. 29.3.2022 Erg\u00e4nzungen \u2013 im Hinblick auf die 10 %-Regelung und den Leistungszeitpunkt \u2013 vorgenommen wurden.<\/p>\n<p>Das BMF hat im Sommer 2021 (BMF, Schreiben v. 8.7.2021, III C 2 &#8211; S 7104\/19\/10001 :003) zur umsatzsteuerlichen Unternehmereigenschaft von Aufsichtsratsmitgliedern wichtige Abgren\u00aczungskriterien f\u00fcr die Praxis erarbeitet. Nach Ansicht des BMF ist ein Aufsichtsratsmitglied f\u00fcr umsatzsteuerliche Zwecke nur dann als Unternehmer zu behandeln, wenn das Mitglied ein <strong>Verg\u00fctungsrisiko<\/strong> tr\u00e4gt.<\/p>\n<p>Laut BMF tr\u00e4gt ein Mitglied des Aufsichtsrats ein <strong>Verg\u00fctungsrisiko<\/strong>, wenn die <strong>variablen Verg\u00fctungen<\/strong>, z. B. Sitzungsgelder, die in Abh\u00e4ngigkeit von der Teilnahme gezahlt werden, <strong>mindestens 10 %<\/strong> der vereinbarten Gesamtverg\u00fctung ausmachen.<\/p>\n<p>Die Pr\u00fcfung hat pro Aufsichtsratsmandat und pro Gesch\u00e4ftsjahr zu erfolgen. Daraus folgt, dass ein Aufsichtsratsmitglied mit mehreren Mandaten sowohl Unternehmer auch als Nichtunternehmer sein kann und diese Einsch\u00e4tzung j\u00e4hrlich variieren kann. Sollte die Unternehmereigenschaft dem Grunde nach vorliegen, besteht jedoch unter weiteren Voraussetzungen weiterhin die M\u00f6glichkeit der Inanspruchnahme der Kleinunternehmerregelung gem. \u00a7 19 UStG.<\/p>\n<p>Die Frage der umsatzsteuerlichen Unternehmereigenschaft ist nicht nur wesentlich f\u00fcr<\/p>\n<ul>\n<li>die zutreffende Rechnungsstellung (Erteilungen von Rechnung mit Steuerausweis),<\/li>\n<li>die Entrichtung von Umsatzsteuer und<\/li>\n<li>die Abgabe von Umsatzsteuervoranmeldungen bzw. Jahreserkl\u00e4rungen,<br \/>sondern auch f\u00fcr den Vorsteuerabzug des Aufsichtsratsmitglieds.<br \/>Im ersten Quartal 2022 stellt das BMF (<a href=\"https:\/\/www.haufe.de\/finance\/haufe-finance-office-premium\/unternehmereigenschaft-von-aufsichtsratsmitgliedern-klaerung-weiterer-fragen-zum-bmf-schreiben-vom-872021_idesk_PI20354_HI15118960.html\" target=\"_blank\" rel=\"noopener\">BMF, Schreiben v. 29.3.2022, III C 2 &#8211; S 7104\/19\/10001:005<\/a>) nun klar,<\/li>\n<li>zu welchem Zeitpunkt die o.g. 10 %-Grenze zu pr\u00fcfen ist und<\/li>\n<li>wann die Leistung des Aufsichtsratsmitglieds als ausgef\u00fchrt gilt.<br \/>Das BMF vertritt die Auffassung, dass<\/li>\n<li>die 10 %-Grenze zu Beginn des Gesch\u00e4ftsjahres der Gesellschaft <strong>anhand der zu erwartenden Verg\u00fctung<\/strong> zu pr\u00fcfen ist und<\/li>\n<li>zu diesem Zeitpunkt die Unternehmereigenschaft des Aufsichtsratsmitglieds f\u00fcr das Gesch\u00e4ftsjahr &#8222;festgezurrt&#8220; wird.<\/li>\n<\/ul>\n<p>Daraus folgt, dass ein Aufsichtsratsmitglied <strong>auch dann als Unternehmer gilt<\/strong>, wenn sich nach Ablauf des Gesch\u00e4ftsjahres herausstellt, dass die variable Verg\u00fctung <strong>weniger als 10 % der Gesamtverg\u00fctung<\/strong> ausgemacht.<\/p>\n\t\t<\/div>\n\t<\/div>\n\t\n<\/div>\n\t\t<\/div>\n\t\t\t\t\t<\/div>\n\n\t\n<\/div>\n<div class=\"row align-equal\"  id=\"row-1266212232\">\n\n\t<div id=\"col-878863385\" class=\"col medium-4 small-12 large-4\"  >\n\t\t\t\t<div class=\"col-inner\"  >\n\t\t\t\n\t\t\t\n\n  <div class=\"banner has-hover\" id=\"banner-536214054\">\n          <div class=\"banner-inner fill\">\n        <div class=\"banner-bg fill\" >\n            <img loading=\"lazy\" decoding=\"async\" width=\"1020\" height=\"437\" src=\"https:\/\/www.mswberlin.de\/wp-content\/uploads\/2024\/01\/240129_Newsletter_motive2-1024x439.jpg\" class=\"bg attachment-large size-large\" alt=\"\" \/>                                    \n                    <\/div>\n\t\t\n        <div class=\"banner-layers container\">\n            <div class=\"fill banner-link\"><\/div>            \n        <\/div>\n      <\/div>\n\n            \n<style>\n#banner-536214054 {\n  padding-top: 56.25%;\n  background-color: rgb(255,255,255);\n}\n#banner-536214054 .banner-bg img {\n  object-position: 73% 47%;\n}\n@media (min-width:550px) {\n  #banner-536214054 {\n    padding-top: 99.99%;\n  }\n}\n@media (min-width:850px) {\n  #banner-536214054 {\n    padding-top: 70%;\n  }\n}\n<\/style>\n  <\/div>\n\n\n\t\t<\/div>\n\t\t\t\t\n<style>\n#col-878863385 > .col-inner {\n  padding: 0px 0px 0px 1px;\n}\n<\/style>\n\t<\/div>\n\n\t\n\n\t<div id=\"col-2070446685\" class=\"col medium-8 small-12 large-8\"  >\n\t\t\t\t<div class=\"col-inner\"  >\n\t\t\t\n\t\t\t\n\t<div id=\"text-3096021105\" class=\"text\">\n\t\t\n<h4>Reform der Grundsteuer<\/h4>\n\t\t\n<style>\n#text-3096021105 {\n  color: rgb(166, 137, 75);\n}\n#text-3096021105 > * {\n  color: rgb(166, 137, 75);\n}\n<\/style>\n\t<\/div>\n\t\n<p>Wir m\u00f6chten Sie darauf aufmerksam machen, dass aufgrund der Grundsteuer-Reform alle Grundst\u00fcckseigent\u00fcmer im Jahr 2022 zu einer sog. Feststellungserkl\u00e4rung aufgefordert wurden und Ihnen unsere Unterst\u00fctzung dbzgl. offerieren.<\/p>\n<p>Die Erkl\u00e4rungen m\u00fcssen auf elektronischem Wege bis voraussichtlich 31.10.2022 eingereicht werden. Die Aufforderung zur Abgabe entsprechender Erkl\u00e4rung ist durch \u00f6ffentliche Bekanntmachung im Bundessteuerblatt vom 30. M\u00e4rz 2022 erfolgt.<\/p>\n<div class=\"accordion\">\n\t<div id=\"accordion-475153639\" class=\"accordion-item\">\n\t\t<a id=\"accordion-475153639-label\" class=\"accordion-title plain\" href=\"#accordion-item-&nbsp;\" aria-expanded=\"false\" aria-controls=\"accordion-475153639-content\">\n\t\t\t<button class=\"toggle\" aria-label=\"Toggle\"><i class=\"icon-angle-down\" aria-hidden=\"true\"><\/i><\/button>\n\t\t\t<span>&nbsp;<\/span>\n\t\t<\/a>\n\t\t<div id=\"accordion-475153639-content\" class=\"accordion-inner\" aria-labelledby=\"accordion-475153639-label\">\n\t\t\t\n<p><strong>Grundsteuer-Reform: Hintergrund<\/strong><\/p>\n<p>Das Bundesverfassungsgericht hat dem Gesetzgeber bereits 2018 aufgegeben, die Bewertung von Grundst\u00fccken im Zusammenhang mit der Grundsteuer neu zu regeln. Hintergrund ist die als verfassungswidrig eingestufte Einheitsbewertung, die auf Werten aus den 60\u2018er Jahren (bzw. in den neuen Bundesl\u00e4ndern sogar noch aus den 30\u2018er Jahren) beruht. Somit kann es aktuell zu einer unterschiedlichen Besteuerung von eigentlich gleichwertigen Grundst\u00fccken kommen.<\/p>\n<p>Mit der Reform der Grundsteuer m\u00f6chte der Gesetzgeber u. a. diese Ungleichheit beseitigen, ohne die durch die Grundsteuer erzielten Einnahmen insgesamt zu ver\u00e4ndern. Daf\u00fcr muss der f\u00fcr die Grundsteuer ma\u00dfgebliche Grundst\u00fcckswert neu festgestellt werden. Mit Wirkung f\u00fcr das Jahr 2025 sollen darauf basierend neue Grundsteuerbescheide ergehen.<\/p>\n<p><strong>Was bedeutet die Neuregelung f\u00fcr Sie?<\/strong><\/p>\n<p>Durch die o.g. Bekanntmachung wurden Sie aufgefordert, eine Erkl\u00e4rung zur Feststellung der Grundsteuerwerte <u>auf elektronischem Wege<\/u> abzugeben. Wenn Sie ein oder mehrere Grundst\u00fccke besitzen, unterst\u00fctzen wir Sie gerne bei der Erstellung und Abgabe dieser Feststellungserkl\u00e4rung.<\/p>\n<p>Bei der Bewertung gelten unterschiedliche Regelungen f\u00fcr unbebaute und bebaute Grundst\u00fccke sowie Besonderheiten f\u00fcr die jeweilige Art der Nutzung. Dar\u00fcber hinaus k\u00f6nnen je nach Bundesland unterschiedliche Bewertungsregelungen gelten. Welches Modell f\u00fcr die Bewertung Ihres Grundst\u00fccks anzuwenden ist, h\u00e4ngt davon ab, in welchem Bundesland das Grundst\u00fcck belegen ist.<\/p>\n<p><strong>Wie w\u00fcrden wir Sie unterst\u00fctzen?<\/strong><\/p>\n<p>Gerne erstellen wir f\u00fcr Ihr(e) Grundst\u00fcck(e) die notwendigen Erkl\u00e4rungen und \u00fcbernehmen f\u00fcr Sie die elektronische \u00dcbertragung ans Finanzamt unter Beachtung der Fristen. Damit wir Sie ad\u00e4quat beraten k\u00f6nnen, kommen Sie bitte auf uns zu. Obwohl die elektronische Abgabe der Erkl\u00e4rung zur Feststellung der Grundsteuerwerte bei den Finanz\u00e4mtern planm\u00e4\u00dfig erst ab dem 1.7.2022 m\u00f6glich sein wird, m\u00f6chten wir Sie dennoch um eine R\u00fcckmeldung bis zum Ende Mai bitten, wenn Sie unsere Unterst\u00fctzung grunds\u00e4tzlich in Anspruch nehmen m\u00f6chten.<\/p>\n<p><strong>Welche Angaben werden von Ihnen ben\u00f6tigt?<\/strong><\/p>\n<p>Zur besseren Planung bitten wir Sie, uns mit Ihrer Beauftragung zun\u00e4chst gleich die Anzahl Ihrer Grundst\u00fccke mitzuteilen. Bitte ber\u00fccksichtigen Sie hierbei, dass es sich um ein Schreiben an alle unsere Mandanten handelt. Sofern Ihr Grundst\u00fcck bzw. Ihre Grundst\u00fccke Gegenstand der von uns erstellten Steuererkl\u00e4rungen bzw. Jahresabschl\u00fcsse war bzw. waren, ist bzw. sind uns diese nat\u00fcrlich bekannt. Von Grundst\u00fccken des Privatverm\u00f6gens, die keiner Einnahmeerzielung dienen, haben wir jedoch nicht unmittelbar Kenntnis.<\/p>\n<p>Im zweiten Schritt w\u00fcrden wir Sie bitten, f\u00fcr jedes Objekt die folgenden Angaben zusammenzutragen<\/p>\n<ul>\n<li>Lage des Grundst\u00fccks bzw. des Betriebs der Land- und Forstwirtschaft<\/li>\n<li>Gemarkung, Flur und Flurst\u00fcck des Grundverm\u00f6gens<\/li>\n<li>Eigentumsverh\u00e4ltnisse<\/li>\n<li>Grundst\u00fccksart (unbebaut, Wohngrundst\u00fcck, andere Bebauung)<\/li>\n<li>Fl\u00e4che des Grundst\u00fccks<\/li>\n<li>Wohnfl\u00e4che bzw. Grundfl\u00e4che des Geb\u00e4udes<\/li>\n<li>mehrere Gemeinden [ja\/nein]<\/li>\n<li>Miteigentumsanteil [Z\u00e4hler\/Nenner]<\/li>\n<li>Nutzungsart<\/li>\n<li>Baudenkmal [ja\/nein]<\/li>\n<li>Abbruchverpflichtung<\/li>\n<\/ul>\n<p>Wir haben hierzu eine einfache Excelvorlage bereitgestellt, in der Sie Ihre Informationen eintragen k\u00f6nnen. Es w\u00fcrde uns sehr helfen wenn wir diese Datenaufnahme bis Ende Juni 2022 abschlie\u00dfen k\u00f6nnten.<\/p>\n<p>Sie finden die entsprechenden Daten zum Beispiel im Kaufvertrag, in der Flurkarte, im Grundbuchblatt, im Einheitswertbescheid, im Grundsteuerbescheid, im Grunderwerbsteuerbescheid oder in der Teilungserkl\u00e4rung.<\/p>\n<p>Bitte lassen Sie uns auch die Unterlagen, aus denen sich die entsprechenden Daten ergeben, per E-Mail zukommen. Sollten diese erforderlichen grundst\u00fccksbezogenen Daten nicht (mehr) auffindbar sein, kann eine Flurkarte beim Vermessungsamt und ein Grundbuchauszug beim zust\u00e4ndigen Amtsgericht beantragt werden.<\/p>\n<p>Es gibt keine Erfahrungswerte zum Ablauf des Erkl\u00e4rungsverfahrens und eventueller Probleme hierbei. Insofern m\u00f6chten wir Sie schon jetzt auf weiteren, h\u00f6chstwahrscheinlich anfallenden Abstimmungsbedarf vorbereiten.<\/p>\n<p>Wir sehen in der Erkl\u00e4rungspflicht auch eine Gelegenheit unseren Datenbestand Ihrer Grundst\u00fccke, sofern sie steuerlich relevant sind bzw. werden k\u00f6nnen, abgesehen von dem jetzt aktuellen und verh\u00e4ltnism\u00e4\u00dfig unbedeutenden Grundsteuersachverhalt, abzugleichen.<\/p>\n<p>Dies vor dem Hintergrund ggf. steuerlich gestaltend beraten zu k\u00f6nnen.<\/p>\n<p>\u00dcber Ihre R\u00fcckinformation w\u00fcrden wir uns freuen und stehen Ihnen f\u00fcr alle weiteren Fragen gern zur Verf\u00fcgung.<\/p>\n<p>\u00a0<\/p>\n<p><span style=\"font-size: 105%;\"><strong>Erfassungstabelle:<\/strong><\/span><\/p>\n<a href=\"\/wp-content\/uploads\/2022\/05\/Datenblatt-Erhebung-Grundsteuerreform.xlsx\" class=\"button primary\" >\n\t\t<span>Download Excel-tabelle<\/span>\n\t<\/a>\n\n\t\t<\/div>\n\t<\/div>\n\t\n<\/div>\n\t\t<\/div>\n\t\t\t\t\t<\/div>\n\n\t\n<\/div>\n<div class=\"row align-equal\"  id=\"row-732991092\">\n\n\t<div id=\"col-1851394876\" class=\"col medium-4 small-12 large-4\"  >\n\t\t\t\t<div class=\"col-inner\"  >\n\t\t\t\n\t\t\t\n\n  <div class=\"banner has-hover\" id=\"banner-1838598968\">\n          <div class=\"banner-inner fill\">\n        <div class=\"banner-bg fill\" >\n            <img loading=\"lazy\" decoding=\"async\" width=\"1\" height=\"1\" src=\"https:\/\/www.mswberlin.de\/wp-content\/uploads\/2021\/09\/Transparenzregister.svg\" class=\"bg attachment-large size-large\" alt=\"\" \/>                                    \n                    <\/div>\n\t\t\n        <div class=\"banner-layers container\">\n            <div class=\"fill banner-link\"><\/div>            \n        <\/div>\n      <\/div>\n\n            \n<style>\n#banner-1838598968 {\n  padding-top: 56.25%;\n  background-color: rgb(255,255,255);\n}\n#banner-1838598968 .banner-bg img {\n  object-position: 73% 47%;\n}\n@media (min-width:550px) {\n  #banner-1838598968 {\n    padding-top: 99.99%;\n  }\n}\n@media (min-width:850px) {\n  #banner-1838598968 {\n    padding-top: 70%;\n  }\n}\n<\/style>\n  <\/div>\n\n\n\t\t<\/div>\n\t\t\t\t\n<style>\n#col-1851394876 > .col-inner {\n  padding: 0px 0px 0px 1px;\n}\n<\/style>\n\t<\/div>\n\n\t\n\n\t<div id=\"col-748686148\" class=\"col medium-8 small-12 large-8\"  >\n\t\t\t\t<div class=\"col-inner\"  >\n\t\t\t\n\t\t\t\n\t<div id=\"text-4055199695\" class=\"text\">\n\t\t\n<h4>Die Eintragung in das Transparenzregister ist Pflicht<\/h4>\n\t\t\n<style>\n#text-4055199695 {\n  color: rgb(166, 137, 75);\n}\n#text-4055199695 > * {\n  color: rgb(166, 137, 75);\n}\n<\/style>\n\t<\/div>\n\t\n<p>Gem\u00e4\u00df \u00a7 20 Abs. 1 Satz 1 Geldw\u00e4schegesetz (GwG) besteht f\u00fcr<\/p>\n<ul>\n<li>alle juristischen Personen des Privatrechts (z.B. GmbH, Unternehmergesellschaft, Aktiengesellschaft, Genossenschaften)<\/li>\n<li>eingetragene Personengesellschaften (z. B. GmbH &amp; Co. KG, OHG, Kommanditgesellschaft, Partnerschaftsgesellschaften) sowie f\u00fcr<\/li>\n<li>nichtrechtsf\u00e4hige Stiftungen, wenn der Stiftungszweck eigenn\u00fctzig ist,<\/li>\n<\/ul>\n<div class=\"accordion\">\n\t<div id=\"accordion-1667087572\" class=\"accordion-item\">\n\t\t<a id=\"accordion-1667087572-label\" class=\"accordion-title plain\" href=\"#accordion-item-&nbsp;\" aria-expanded=\"false\" aria-controls=\"accordion-1667087572-content\">\n\t\t\t<button class=\"toggle\" aria-label=\"Toggle\"><i class=\"icon-angle-down\" aria-hidden=\"true\"><\/i><\/button>\n\t\t\t<span>&nbsp;<\/span>\n\t\t<\/a>\n\t\t<div id=\"accordion-1667087572-content\" class=\"accordion-inner\" aria-labelledby=\"accordion-1667087572-label\">\n\t\t\t\n<p>&#8230;die Verpflichtung, ihre wirtschaftlich Berechtigten zur Eintragung in das Transparenzregister zu melden.<\/p>\n<p>Bislang kamen noch viele Meldepflichtige in den Genuss der so genannten Mitteilungsfiktion, das hei\u00dft, dass f\u00fcr sie eine Meldung an das Transparenzregister entbehrlich war, weil sich die wirtschaftlich Berechtigten aus anderen \u00f6ffentlichen Registern ersehen lie\u00dfen (z.B. Handelsregister).<\/p>\n<p>Seit dem 1. August 2021 ist diese Erleichterung entfallen und das Transparenzregister ist jetzt ein Vollregister.<\/p>\n<p>Aus der Meldefiktion ist \u00a0eine Meldepflicht geworden. F\u00fcr einen fehlenden Eintrag k\u00f6nnen nach Ablauf der je nach Rechtsform der Gesellschaft unterschiedlichen \u00dcbergangsfristen empfindliche Bu\u00dfgelder gegen die Gesch\u00e4ftsf\u00fchrung verh\u00e4ngt werden.<\/p>\n<p>Wirtschaftlich Berechtigte sind:<\/p>\n<ul>\n<li>nat\u00fcrliche Personen, in deren Eigentum oder unter deren Kontrolle das Unternehmen letztlich steht.<\/li>\n<li>Wenn eine Person unmittelbar oder mittelbar mehr als 25 % der Stimmrechts- oder Kapitalanteile h\u00e4lt oder auf vergleichbare Weise Kontrolle aus\u00fcbt.<\/li>\n<li>nat\u00fcrliche Personen, auf deren Veranlassung eine Transaktion letztlich durchgef\u00fchrt oder eine Gesch\u00e4ftsbeziehung letztlich begr\u00fcndet wird (z.B. Treugeber).<\/li>\n<\/ul>\n<p>Wir m\u00f6chten alle gesetzlichen Vertreter f\u00fcr diese Thematik sensibilisieren.<\/p>\n<p>Mitteilungspflichtig sind folgende Angaben zum wirtschaftlich Berechtigten:<\/p>\n<p>Vor- und Familienname, das Geburtsdatum, der Wohnort, der Typ des wirtschaftlich Berechtigten (fiktiv oder tats\u00e4chlich) sowie Art und Umfang des wirtschaftlichen Interesses (\u00a7 19 GwG), in bestimmten F\u00e4llen die Staatsangeh\u00f6rigkeit (\u00a7 21 Abs. 1 GwG).<\/p>\n<p>Das Transparenzregister bietet u.a. eine kostenlose Servicenummer zu Registrierung (0800-123 43 37) Mo-Fr. von 8.00 bis 18.30 Uhr.<\/p>\n<p>Bitte setzen Sie sich bei Fragen mit dem Transparenzregister in Verbindung.<\/p>\n<p>\u00a0<\/p>\n\t\t<\/div>\n\t<\/div>\n\t\n<\/div>\n\t\t<\/div>\n\t\t\t\t\t<\/div>\n\n\t\n<\/div>\n<span class=\"scroll-to\" data-label=\"Scroll to: #eigenesache\" data-bullet=\"false\" data-link=\"#eigenesache\" data-title=\"Change this\"><a name=\"eigenesache\"><\/a><\/span>\n\n\t\t<\/div>\n\n\t\t\n<style>\n#section_1390270370 {\n  padding-top: 30px;\n  padding-bottom: 30px;\n}\n<\/style>\n\t<\/section>\n\t\n","protected":false},"excerpt":{"rendered":"","protected":false},"author":1,"featured_media":0,"parent":0,"menu_order":0,"comment_status":"closed","ping_status":"closed","template":"","meta":{"footnotes":""},"class_list":["post-161","page","type-page","status-publish","hentry"],"_links":{"self":[{"href":"https:\/\/www.mswberlin.de\/en\/wp-json\/wp\/v2\/pages\/161","targetHints":{"allow":["GET"]}}],"collection":[{"href":"https:\/\/www.mswberlin.de\/en\/wp-json\/wp\/v2\/pages"}],"about":[{"href":"https:\/\/www.mswberlin.de\/en\/wp-json\/wp\/v2\/types\/page"}],"author":[{"embeddable":true,"href":"https:\/\/www.mswberlin.de\/en\/wp-json\/wp\/v2\/users\/1"}],"replies":[{"embeddable":true,"href":"https:\/\/www.mswberlin.de\/en\/wp-json\/wp\/v2\/comments?post=161"}],"version-history":[{"count":67,"href":"https:\/\/www.mswberlin.de\/en\/wp-json\/wp\/v2\/pages\/161\/revisions"}],"predecessor-version":[{"id":1928,"href":"https:\/\/www.mswberlin.de\/en\/wp-json\/wp\/v2\/pages\/161\/revisions\/1928"}],"wp:attachment":[{"href":"https:\/\/www.mswberlin.de\/en\/wp-json\/wp\/v2\/media?parent=161"}],"curies":[{"name":"wp","href":"https:\/\/api.w.org\/{rel}","templated":true}]}}